{"id":202,"date":"2025-09-05T13:36:57","date_gmt":"2025-09-05T11:36:57","guid":{"rendered":"https:\/\/asso-detours91.fr\/?page_id=202"},"modified":"2025-09-05T13:51:38","modified_gmt":"2025-09-05T11:51:38","slug":"gem","status":"publish","type":"page","link":"https:\/\/asso-detours91.fr\/index.php\/gem\/","title":{"rendered":"GEM"},"content":{"rendered":"<div class=\"wp-block-image\">\n<figure class=\"aligncenter size-full is-resized\"><img loading=\"lazy\" decoding=\"async\" width=\"484\" height=\"489\" src=\"https:\/\/asso-detours91.fr\/wp-content\/uploads\/2025\/09\/Logo-GEM-TSA-91-ADPEP91.png\" alt=\"\" class=\"wp-image-207\" style=\"width:230px;height:auto\" srcset=\"https:\/\/asso-detours91.fr\/wp-content\/uploads\/2025\/09\/Logo-GEM-TSA-91-ADPEP91.png 484w, https:\/\/asso-detours91.fr\/wp-content\/uploads\/2025\/09\/Logo-GEM-TSA-91-ADPEP91-297x300.png 297w\" sizes=\"auto, (max-width: 484px) 100vw, 484px\" \/><\/figure>\n<\/div>\n\n\n<h1 class=\"wp-block-heading\">Un collectif d\u2019entraide pour personnes autistes<\/h1>\n\n\n\n<p>Le&nbsp;<strong>GEM TSA 91<\/strong>&nbsp;(Groupe d\u2019Entraide Mutuelle pour les Troubles du Spectre de l\u2019Autisme) est un&nbsp;<strong>collectif bas\u00e9 en Essonne dans la ville Les Ulis<\/strong>, con\u00e7u&nbsp;<strong>par et pour les personnes autistes<\/strong>. Il offre un espace d\u2019\u00e9changes et de soutien \u00e0 travers diff\u00e9rentes activit\u00e9s o\u00f9 chacun peut participer selon ses besoins, ses envies et ses possibilit\u00e9s.<\/p>\n\n\n\n<div class=\"wp-block-buttons is-content-justification-center is-layout-flex wp-container-core-buttons-is-layout-a89b3969 wp-block-buttons-is-layout-flex\">\n<div class=\"wp-block-button\"><a class=\"wp-block-button__link wp-element-button\" href=\"http:\/\/asso-detours91.fr\/wp-content\/uploads\/2025\/09\/flyer-GEM-TSA-91.pdf\">T\u00e9l\u00e9chargez notre brochure<\/a><\/div>\n<\/div>\n\n\n\n<p><\/p>\n\n\n\n<p><\/p>\n\n\n\n<h2 class=\"wp-block-heading\">Une association qui se construit par et pour ses membres<\/h2>\n\n\n\n<p>Le GEM TSA 91 a vu le jour en&nbsp;<strong>2022<\/strong>, lanc\u00e9 par les associations&nbsp;<strong>D\u00e9tours<\/strong>&nbsp;et&nbsp;<strong>ADPEP91<\/strong>, dans le cadre de la&nbsp;<strong>strat\u00e9gie nationale autisme 2018-2022<\/strong>&nbsp;et du cahier des charges des GEMs. Un de ses objectifs principaux est de devenir une&nbsp;<strong>association loi 1901<\/strong>, dans une dynamique autod\u00e9termin\u00e9e et de pair-aidance avec les soutiens de l\u2019ADPEP91 et de D\u00e9tours91.<\/p>\n\n\n\n<p>Le fonctionnement du collectif repose sur un fonctionnement coll\u00e9gial. Ainsi chaque membre peut proposer des id\u00e9es, participer aux animations et contribuer aux d\u00e9cisions. Les orientations et r\u00e8gles de vie du GEM sont discut\u00e9es et ajust\u00e9es lors de r\u00e9unions mensuelles.<\/p>\n\n\n\n<p><strong>Rejoindre le GEM TSA 91, c\u2019est participer selon ses capacit\u00e9s, ses envies et ses besoins, tout en respectant la charte du collectif.<\/strong>&nbsp;Cette charte garantit un cadre bienveillant et inclusif, essentiel au bon fonctionnement du groupe.<\/p>\n\n\n\n<p>L\u2019organisation&nbsp; du GEM et de l\u2019animation des temps de rencontres et d\u2019activit\u00e9s sont adapt\u00e9es aux profils TSA en tenant compte des sp\u00e9cificit\u00e9s de chacun.<\/p>\n\n\n\n<p>Pour aider aux rencontres, le GEM dispose d\u2019un local, d\u2019un animateur professionnel et d\u2019une subventions de \u2018Agence R\u00e9gional de Sant\u00e9 de l\u2019Ile de France. Le GEM n\u2019est pas une association m\u00e9dico-sociale, ni sanitaire et n\u2019en est pas un substitut non plus.<\/p>\n\n\n\n<h3 class=\"wp-block-heading\">Qui peut rejoindre le collectif ?<\/h3>\n\n\n\n<p>Le GEM TSA 91 est ouvert&nbsp;<strong>aux personnes autistes majeures, qu\u2019elles soient diagnostiqu\u00e9es ou en questionnement<\/strong>&nbsp;sur leur autisme.<\/p>\n\n\n\n<h3 class=\"wp-block-heading\">Les objectifs du GEM TSA 91 :<\/h3>\n\n\n\n<p>\u2022 Rompre l\u2019isolement ;<br>\u2022 Cr\u00e9er et maintenir des liens sociaux ;<br>\u2022 Prendre ou reprendre confiance en soi et s\u2019accomplir ;<br>\u2022 Partager et profiter d\u2019informations ;<br>\u2022 Contribuer \u00e0 une entraide ;<br>\u2022 S\u2019inscrire dans une d\u00e9marche d\u2019autod\u00e9termination.<\/p>\n\n\n\n<h4 class=\"wp-block-heading\">Des activit\u00e9s et des \u00e9changes port\u00e9s par les membres<\/h4>\n\n\n\n<p>Le GEM TSA 91 \u00e9volue au gr\u00e9 des initiatives et des propositions de ses membres. Chacun peut sugg\u00e9rer et organiser des activit\u00e9s en fonction de ses centres d\u2019int\u00e9r\u00eats. Notre GEM c\u2019est :<\/p>\n\n\n\n<ul class=\"wp-block-list\">\n<li>Des groupes de parole mensuels pour \u00e9changer sur des th\u00e9matiques li\u00e9es \u00e0 l\u2019autisme et au quotidien de chacun ;<\/li>\n\n\n\n<li>Des sorties et rencontres pour partager des moments conviviaux et d\u00e9couvrir de nouveaux lieux ensemble ;<\/li>\n\n\n\n<li>Des ateliers et activit\u00e9s vari\u00e9es, au local ou en ext\u00e9rieur, adapt\u00e9s aux envies et aux comp\u00e9tences des participants (cr\u00e9ation, jeux, discussions, etc.).<\/li>\n<\/ul>\n\n\n\n<p>Le GEM TSA 91, c\u2019est avant tout un collectif fond\u00e9 sur l\u2019entraide et la bienveillance o\u00f9 chacun peut trouver sa place \u00e0 son rythme et contribuer \u00e0 la dynamique commune.<\/p>\n\n\n\n<p>N\u2019h\u00e9sitez pas \u00e0 nous contacter pour en savoir plus :<\/p>\n\n\n\n<p><a href=\"mailto:Gemtsa91@gmail.com\">Gemtsa91@gmail.com<\/a><br><a href=\"tel:0620983626\">06 20 98 36 26<\/a><\/p>\n\n\n\n<div class=\"wp-block-columns is-layout-flex wp-container-core-columns-is-layout-28f84493 wp-block-columns-is-layout-flex\">\n<div class=\"wp-block-column is-layout-flow wp-block-column-is-layout-flow\">\n<figure class=\"wp-block-image size-full is-resized\"><img loading=\"lazy\" decoding=\"async\" width=\"237\" height=\"213\" src=\"https:\/\/asso-detours91.fr\/wp-content\/uploads\/2025\/09\/les-ulis-1.png\" alt=\"\" class=\"wp-image-209\" style=\"width:100px\"\/><\/figure>\n<\/div>\n\n\n\n<div class=\"wp-block-column is-layout-flow wp-block-column-is-layout-flow\">\n<figure class=\"wp-block-image size-full is-resized\"><img loading=\"lazy\" decoding=\"async\" width=\"800\" height=\"462\" src=\"https:\/\/asso-detours91.fr\/wp-content\/uploads\/2025\/09\/agence-regionale-de-sante-ars-ile-de-france_logo-800x462-1.png\" alt=\"\" class=\"wp-image-210\" style=\"width:147px;height:auto\" srcset=\"https:\/\/asso-detours91.fr\/wp-content\/uploads\/2025\/09\/agence-regionale-de-sante-ars-ile-de-france_logo-800x462-1.png 800w, https:\/\/asso-detours91.fr\/wp-content\/uploads\/2025\/09\/agence-regionale-de-sante-ars-ile-de-france_logo-800x462-1-300x173.png 300w, https:\/\/asso-detours91.fr\/wp-content\/uploads\/2025\/09\/agence-regionale-de-sante-ars-ile-de-france_logo-800x462-1-768x444.png 768w\" sizes=\"auto, (max-width: 800px) 100vw, 800px\" \/><\/figure>\n<\/div>\n<\/div>\n\n\n\n<p><\/p>\n","protected":false},"excerpt":{"rendered":"<p>Un collectif d\u2019entraide pour personnes autistes Le&nbsp;GEM TSA 91&nbsp;(Groupe d\u2019Entraide Mutuelle pour les Troubles du Spectre de l\u2019Autisme) est un&nbsp;collectif bas\u00e9 en Essonne dans la ville Les Ulis, con\u00e7u&nbsp;par et pour les personnes autistes. Il offre un espace d\u2019\u00e9changes et de soutien \u00e0 travers diff\u00e9rentes activit\u00e9s o\u00f9 chacun peut participer selon ses besoins, ses envies [&hellip;]<\/p>\n","protected":false},"author":3,"featured_media":0,"parent":0,"menu_order":0,"comment_status":"closed","ping_status":"closed","template":"","meta":{"jetpack_post_was_ever_published":false,"footnotes":""},"class_list":["post-202","page","type-page","status-publish","hentry"],"yoast_head":"<!-- This site is optimized with the Yoast SEO plugin v27.4 - https:\/\/yoast.com\/product\/yoast-seo-wordpress\/ -->\n<title>GEM -<\/title>\n<meta name=\"robots\" content=\"index, follow, max-snippet:-1, max-image-preview:large, max-video-preview:-1\" \/>\n<link rel=\"canonical\" href=\"https:\/\/asso-detours91.fr\/index.php\/gem\/\" \/>\n<meta property=\"og:locale\" content=\"fr_FR\" \/>\n<meta property=\"og:type\" content=\"article\" \/>\n<meta property=\"og:title\" content=\"GEM -\" \/>\n<meta property=\"og:description\" content=\"Un collectif d\u2019entraide pour personnes autistes Le&nbsp;GEM TSA 91&nbsp;(Groupe d\u2019Entraide Mutuelle pour les Troubles du Spectre de l\u2019Autisme) est un&nbsp;collectif bas\u00e9 en Essonne dans la ville Les Ulis, con\u00e7u&nbsp;par et pour les personnes autistes. Il offre un espace d\u2019\u00e9changes et de soutien \u00e0 travers diff\u00e9rentes activit\u00e9s o\u00f9 chacun peut participer selon ses besoins, ses envies [&hellip;]\" \/>\n<meta property=\"og:url\" content=\"https:\/\/asso-detours91.fr\/index.php\/gem\/\" \/>\n<meta property=\"article:publisher\" content=\"https:\/\/www.facebook.com\/detours91\" \/>\n<meta property=\"article:modified_time\" content=\"2025-09-05T11:51:38+00:00\" \/>\n<meta property=\"og:image\" content=\"https:\/\/asso-detours91.fr\/wp-content\/uploads\/2025\/09\/Logo-GEM-TSA-91-ADPEP91.png\" \/>\n\t<meta property=\"og:image:width\" content=\"484\" \/>\n\t<meta property=\"og:image:height\" content=\"489\" \/>\n\t<meta property=\"og:image:type\" content=\"image\/png\" \/>\n<meta name=\"twitter:card\" content=\"summary_large_image\" \/>\n<meta name=\"twitter:label1\" content=\"Dur\u00e9e de lecture estim\u00e9e\" \/>\n\t<meta name=\"twitter:data1\" content=\"4 minutes\" \/>\n<script type=\"application\/ld+json\" class=\"yoast-schema-graph\">{\"@context\":\"https:\\\/\\\/schema.org\",\"@graph\":[{\"@type\":\"WebPage\",\"@id\":\"https:\\\/\\\/asso-detours91.fr\\\/index.php\\\/gem\\\/\",\"url\":\"https:\\\/\\\/asso-detours91.fr\\\/index.php\\\/gem\\\/\",\"name\":\"GEM -\",\"isPartOf\":{\"@id\":\"https:\\\/\\\/asso-detours91.fr\\\/#website\"},\"primaryImageOfPage\":{\"@id\":\"https:\\\/\\\/asso-detours91.fr\\\/index.php\\\/gem\\\/#primaryimage\"},\"image\":{\"@id\":\"https:\\\/\\\/asso-detours91.fr\\\/index.php\\\/gem\\\/#primaryimage\"},\"thumbnailUrl\":\"https:\\\/\\\/asso-detours91.fr\\\/wp-content\\\/uploads\\\/2025\\\/09\\\/Logo-GEM-TSA-91-ADPEP91.png\",\"datePublished\":\"2025-09-05T11:36:57+00:00\",\"dateModified\":\"2025-09-05T11:51:38+00:00\",\"breadcrumb\":{\"@id\":\"https:\\\/\\\/asso-detours91.fr\\\/index.php\\\/gem\\\/#breadcrumb\"},\"inLanguage\":\"fr-FR\",\"potentialAction\":[{\"@type\":\"ReadAction\",\"target\":[\"https:\\\/\\\/asso-detours91.fr\\\/index.php\\\/gem\\\/\"]}]},{\"@type\":\"ImageObject\",\"inLanguage\":\"fr-FR\",\"@id\":\"https:\\\/\\\/asso-detours91.fr\\\/index.php\\\/gem\\\/#primaryimage\",\"url\":\"https:\\\/\\\/asso-detours91.fr\\\/wp-content\\\/uploads\\\/2025\\\/09\\\/Logo-GEM-TSA-91-ADPEP91.png\",\"contentUrl\":\"https:\\\/\\\/asso-detours91.fr\\\/wp-content\\\/uploads\\\/2025\\\/09\\\/Logo-GEM-TSA-91-ADPEP91.png\",\"width\":484,\"height\":489},{\"@type\":\"BreadcrumbList\",\"@id\":\"https:\\\/\\\/asso-detours91.fr\\\/index.php\\\/gem\\\/#breadcrumb\",\"itemListElement\":[{\"@type\":\"ListItem\",\"position\":1,\"name\":\"Accueil\",\"item\":\"https:\\\/\\\/asso-detours91.fr\\\/\"},{\"@type\":\"ListItem\",\"position\":2,\"name\":\"GEM\"}]},{\"@type\":\"WebSite\",\"@id\":\"https:\\\/\\\/asso-detours91.fr\\\/#website\",\"url\":\"https:\\\/\\\/asso-detours91.fr\\\/\",\"name\":\"Association D\u00e9tours\",\"description\":\"Faire des d\u00e9tours, changer de regard ...\",\"publisher\":{\"@id\":\"https:\\\/\\\/asso-detours91.fr\\\/#organization\"},\"inLanguage\":\"fr-FR\"},{\"@type\":\"Organization\",\"@id\":\"https:\\\/\\\/asso-detours91.fr\\\/#organization\",\"name\":\"Association D\u00e9tours\",\"url\":\"https:\\\/\\\/asso-detours91.fr\\\/\",\"logo\":{\"@type\":\"ImageObject\",\"inLanguage\":\"fr-FR\",\"@id\":\"https:\\\/\\\/asso-detours91.fr\\\/#\\\/schema\\\/logo\\\/image\\\/\",\"url\":\"https:\\\/\\\/asso-detours91.fr\\\/wp-content\\\/uploads\\\/2025\\\/10\\\/cropped-kids-5741934_960_720.png\",\"contentUrl\":\"https:\\\/\\\/asso-detours91.fr\\\/wp-content\\\/uploads\\\/2025\\\/10\\\/cropped-kids-5741934_960_720.png\",\"width\":956,\"height\":580,\"caption\":\"Association D\u00e9tours\"},\"image\":{\"@id\":\"https:\\\/\\\/asso-detours91.fr\\\/#\\\/schema\\\/logo\\\/image\\\/\"},\"sameAs\":[\"https:\\\/\\\/www.facebook.com\\\/detours91\"]}]}<\/script>\n<!-- \/ Yoast SEO plugin. -->","yoast_head_json":{"title":"GEM -","robots":{"index":"index","follow":"follow","max-snippet":"max-snippet:-1","max-image-preview":"max-image-preview:large","max-video-preview":"max-video-preview:-1"},"canonical":"https:\/\/asso-detours91.fr\/index.php\/gem\/","og_locale":"fr_FR","og_type":"article","og_title":"GEM -","og_description":"Un collectif d\u2019entraide pour personnes autistes Le&nbsp;GEM TSA 91&nbsp;(Groupe d\u2019Entraide Mutuelle pour les Troubles du Spectre de l\u2019Autisme) est un&nbsp;collectif bas\u00e9 en Essonne dans la ville Les Ulis, con\u00e7u&nbsp;par et pour les personnes autistes. Il offre un espace d\u2019\u00e9changes et de soutien \u00e0 travers diff\u00e9rentes activit\u00e9s o\u00f9 chacun peut participer selon ses besoins, ses envies [&hellip;]","og_url":"https:\/\/asso-detours91.fr\/index.php\/gem\/","article_publisher":"https:\/\/www.facebook.com\/detours91","article_modified_time":"2025-09-05T11:51:38+00:00","og_image":[{"width":484,"height":489,"url":"https:\/\/asso-detours91.fr\/wp-content\/uploads\/2025\/09\/Logo-GEM-TSA-91-ADPEP91.png","type":"image\/png"}],"twitter_card":"summary_large_image","twitter_misc":{"Dur\u00e9e de lecture estim\u00e9e":"4 minutes"},"schema":{"@context":"https:\/\/schema.org","@graph":[{"@type":"WebPage","@id":"https:\/\/asso-detours91.fr\/index.php\/gem\/","url":"https:\/\/asso-detours91.fr\/index.php\/gem\/","name":"GEM -","isPartOf":{"@id":"https:\/\/asso-detours91.fr\/#website"},"primaryImageOfPage":{"@id":"https:\/\/asso-detours91.fr\/index.php\/gem\/#primaryimage"},"image":{"@id":"https:\/\/asso-detours91.fr\/index.php\/gem\/#primaryimage"},"thumbnailUrl":"https:\/\/asso-detours91.fr\/wp-content\/uploads\/2025\/09\/Logo-GEM-TSA-91-ADPEP91.png","datePublished":"2025-09-05T11:36:57+00:00","dateModified":"2025-09-05T11:51:38+00:00","breadcrumb":{"@id":"https:\/\/asso-detours91.fr\/index.php\/gem\/#breadcrumb"},"inLanguage":"fr-FR","potentialAction":[{"@type":"ReadAction","target":["https:\/\/asso-detours91.fr\/index.php\/gem\/"]}]},{"@type":"ImageObject","inLanguage":"fr-FR","@id":"https:\/\/asso-detours91.fr\/index.php\/gem\/#primaryimage","url":"https:\/\/asso-detours91.fr\/wp-content\/uploads\/2025\/09\/Logo-GEM-TSA-91-ADPEP91.png","contentUrl":"https:\/\/asso-detours91.fr\/wp-content\/uploads\/2025\/09\/Logo-GEM-TSA-91-ADPEP91.png","width":484,"height":489},{"@type":"BreadcrumbList","@id":"https:\/\/asso-detours91.fr\/index.php\/gem\/#breadcrumb","itemListElement":[{"@type":"ListItem","position":1,"name":"Accueil","item":"https:\/\/asso-detours91.fr\/"},{"@type":"ListItem","position":2,"name":"GEM"}]},{"@type":"WebSite","@id":"https:\/\/asso-detours91.fr\/#website","url":"https:\/\/asso-detours91.fr\/","name":"Association D\u00e9tours","description":"Faire des d\u00e9tours, changer de regard ...","publisher":{"@id":"https:\/\/asso-detours91.fr\/#organization"},"inLanguage":"fr-FR"},{"@type":"Organization","@id":"https:\/\/asso-detours91.fr\/#organization","name":"Association D\u00e9tours","url":"https:\/\/asso-detours91.fr\/","logo":{"@type":"ImageObject","inLanguage":"fr-FR","@id":"https:\/\/asso-detours91.fr\/#\/schema\/logo\/image\/","url":"https:\/\/asso-detours91.fr\/wp-content\/uploads\/2025\/10\/cropped-kids-5741934_960_720.png","contentUrl":"https:\/\/asso-detours91.fr\/wp-content\/uploads\/2025\/10\/cropped-kids-5741934_960_720.png","width":956,"height":580,"caption":"Association D\u00e9tours"},"image":{"@id":"https:\/\/asso-detours91.fr\/#\/schema\/logo\/image\/"},"sameAs":["https:\/\/www.facebook.com\/detours91"]}]}},"jetpack_sharing_enabled":true,"_links":{"self":[{"href":"https:\/\/asso-detours91.fr\/index.php\/wp-json\/wp\/v2\/pages\/202","targetHints":{"allow":["GET"]}}],"collection":[{"href":"https:\/\/asso-detours91.fr\/index.php\/wp-json\/wp\/v2\/pages"}],"about":[{"href":"https:\/\/asso-detours91.fr\/index.php\/wp-json\/wp\/v2\/types\/page"}],"author":[{"embeddable":true,"href":"https:\/\/asso-detours91.fr\/index.php\/wp-json\/wp\/v2\/users\/3"}],"replies":[{"embeddable":true,"href":"https:\/\/asso-detours91.fr\/index.php\/wp-json\/wp\/v2\/comments?post=202"}],"version-history":[{"count":6,"href":"https:\/\/asso-detours91.fr\/index.php\/wp-json\/wp\/v2\/pages\/202\/revisions"}],"predecessor-version":[{"id":218,"href":"https:\/\/asso-detours91.fr\/index.php\/wp-json\/wp\/v2\/pages\/202\/revisions\/218"}],"wp:attachment":[{"href":"https:\/\/asso-detours91.fr\/index.php\/wp-json\/wp\/v2\/media?parent=202"}],"curies":[{"name":"wp","href":"https:\/\/api.w.org\/{rel}","templated":true}]}}