{"id":166,"date":"2025-08-16T17:11:38","date_gmt":"2025-08-16T15:11:38","guid":{"rendered":"https:\/\/asso-detours91.fr\/?page_id=166"},"modified":"2026-04-22T09:06:59","modified_gmt":"2026-04-22T07:06:59","slug":"ressources","status":"publish","type":"page","link":"https:\/\/asso-detours91.fr\/index.php\/ressources\/","title":{"rendered":"Ressources"},"content":{"rendered":"\n<h1 class=\"wp-block-heading\">I. Informations g\u00e9n\u00e9rales<\/h1>\n\n\n\n<ol class=\"wp-block-list\">\n<li>\u00c9pid\u00e9miologie et pr\u00e9valence<\/li>\n<\/ol>\n\n\n\n<p><strong>Les troubles du neuro-d\u00e9veloppement touchent 5 % de la population<\/strong>, soit environ 35 000 naissances par an, selon la Haute Autorit\u00e9 de sant\u00e9.<\/p>\n\n\n\n<p>Les troubles du&nbsp;<strong>spectre de l\u2019autisme<\/strong>&nbsp;(TSA) repr\u00e9sentent, eux,&nbsp;<strong>entre 0,9 % et 1,2 % des naissances<\/strong>, soit environ 7 500 b\u00e9b\u00e9s chaque ann\u00e9e. La Haute Autorit\u00e9 de sant\u00e9 estime donc qu\u2019environ 100 000 jeunes de moins de 20 ans et pr\u00e8s de 600 000 adultes sont autistes en France.<\/p>\n\n\n\n<ul class=\"wp-block-list\">\n<li><strong>Pr\u00e9valence des diff\u00e9rents TND :<\/strong>&nbsp;en constante augmentation ;<\/li>\n\n\n\n<li><strong>TSA :<\/strong>&nbsp;1 % en population g\u00e9n\u00e9rale ;<\/li>\n\n\n\n<li><strong>TDAH :<\/strong>&nbsp;5% des enfants et adolescents, 2,5% des adultes ;<\/li>\n\n\n\n<li><strong>Dyslexie :<\/strong>&nbsp;5 \u00e0 17% des enfants en \u00e2ge d\u2019\u00eatre scolaris\u00e9s ;<\/li>\n\n\n\n<li><strong>Trouble d\u00e9veloppemental de la coordination (anciennement appel\u00e9 dyspraxie) :<\/strong>&nbsp;jusqu\u2019\u00e0 6% en population g\u00e9n\u00e9rale ;<\/li>\n\n\n\n<li><strong>D\u00e9ficience intellectuelle :<\/strong>&nbsp;environ 1% en population g\u00e9n\u00e9rale.<\/li>\n<\/ul>\n\n\n\n<p><strong>Pour en savoir plus :<\/strong>&nbsp;<a href=\"http:\/\/beh.santepubliquefrance.fr\/beh\/2020\/6-7\/2020_6-7_0.html%C2%A0\" target=\"_blank\" rel=\"noreferrer noopener\">\u00ab Mieux conna\u00eetre la pr\u00e9valence des troubles du spectre de l\u2019 autisme (TSA), mais aussi les conditions de vie des personnes pr\u00e9sentant un TSA, un d\u00e9fi pour notre politique publique \u00bb<\/a>&nbsp;par Claire Compagnon, Bulletin \u00e9pid\u00e9miologique hebdomadaire, 10 mars 2020 n\u00b0 6-7<\/p>\n\n\n\n<p>En&nbsp;2024, le d\u00e9partement de l\u2019Essonne compte 1 331 827 habitants (soit 1,94% des&nbsp; 68,52 millions de fran\u00e7ais) selon les donn\u00e9es disponibles. Ce qui respr\u00e9sente pour l&rsquo;autisme seulement:<\/p>\n\n\n\n<ul class=\"wp-block-list\">\n<li>100000 jeunes autistes de moins de 20 ans en France =&gt; <strong>1460 jeunes autistes de moins de 20 ans en Essonne<\/strong><\/li>\n\n\n\n<li>600000 adultes autistes en France =&gt; <strong>8760 adultes autistes en Essonne<\/strong><\/li>\n<\/ul>\n\n\n\n<ol start=\"2\" class=\"wp-block-list\">\n<li>Autres<\/li>\n<\/ol>\n\n\n\n<p>Grande Cause R\u00e9gionale 2022 : L&rsquo;\u00cele-de-France a d\u00e9sign\u00e9 l&rsquo;autisme comme Grande Cause R\u00e9gionale en 2022, renfor\u00e7ant ainsi les actions de sensibilisation et de soutien aux personnes concern\u00e9es.&nbsp;<\/p>\n\n\n\n<p>Strat\u00e9gie r\u00e9gionale : L&rsquo;agence r\u00e9gionale de Sant\u00e9 (ARS) \u00cele-de-France met en \u0153uvre la strat\u00e9gie nationale pour l&rsquo;autisme, visant \u00e0 am\u00e9liorer le rep\u00e9rage, le diagnostic et l&rsquo;accompagnement des personnes autistes.&nbsp;<\/p>\n\n\n\n<p>Autisme en \u00cele-de-France : Cette association g\u00e8re 10 \u00e9tablissements et 3 services, accompagnant pr\u00e8s de 450 personnes de 18 mois \u00e0 63 ans sur tout le spectre autistique.&nbsp;<\/p>\n\n\n\n<p>Autisme Info Service : Propose des informations actualis\u00e9es sur les chiffres et statistiques li\u00e9s \u00e0 l&rsquo;autisme en France.<\/p>\n\n\n\n<h1 class=\"wp-block-heading\">II &#8211; Nouveau formulaire pour le dossier MDPH<\/h1>\n\n\n\n<figure class=\"wp-block-image size-large is-resized\"><img loading=\"lazy\" decoding=\"async\" width=\"1017\" height=\"1024\" src=\"http:\/\/asso-detours91.fr\/wp-content\/uploads\/2026\/02\/feuille-mdph-officiel-1017x1024.png\" alt=\"\" class=\"wp-image-321\" style=\"aspect-ratio:0.9931646037317569;width:438px;height:auto\" srcset=\"https:\/\/asso-detours91.fr\/wp-content\/uploads\/2026\/02\/feuille-mdph-officiel-1017x1024.png 1017w, https:\/\/asso-detours91.fr\/wp-content\/uploads\/2026\/02\/feuille-mdph-officiel-298x300.png 298w, https:\/\/asso-detours91.fr\/wp-content\/uploads\/2026\/02\/feuille-mdph-officiel-150x150.png 150w, https:\/\/asso-detours91.fr\/wp-content\/uploads\/2026\/02\/feuille-mdph-officiel-768x774.png 768w, https:\/\/asso-detours91.fr\/wp-content\/uploads\/2026\/02\/feuille-mdph-officiel-1024x1032.png 1024w, https:\/\/asso-detours91.fr\/wp-content\/uploads\/2026\/02\/feuille-mdph-officiel.png 1359w\" sizes=\"auto, (max-width: 1017px) 100vw, 1017px\" \/><\/figure>\n\n\n\n<p>Dans le cadre de votre dossier MDPH, il existe un <strong>questionnaire compl\u00e9mentaire<\/strong> sp\u00e9cifiquement con\u00e7u pour les personnes dont le handicap est li\u00e9 \u00e0 des troubles neuro-d\u00e9veloppementaux, dont le Trouble du Spectre de l&rsquo;Autisme (TSA). Ce document vient s&rsquo;ajouter au formulaire MDPH classique et au certificat m\u00e9dical, sans les remplacer. <\/p>\n\n\n\n<p>Son objectif est simple : permettre de d\u00e9crire concr\u00e8tement ce que le TSA implique dans la vie de tous les jours, ce que les cases d&rsquo;un formulaire standard ne permettent pas d&rsquo;exprimer. Le questionnaire se compose de deux volets : l&rsquo;un m\u00e9dical, rempli par le m\u00e9decin ou le sp\u00e9cialiste suivi, et l&rsquo;autre consacr\u00e9 aux retentissements dans la vie quotidienne, rempli par la personne concern\u00e9e, ses parents ou ses aidants. Ce second volet aborde des domaines essentiels pour les personnes autistes : la communication, la gestion des \u00e9motions, les interactions sociales, la fatigabilit\u00e9, les difficult\u00e9s d&rsquo;organisation et l&rsquo;autonomie au quotidien. Une \u00e9chelle permet d&rsquo;\u00e9valuer le niveau d&rsquo;impact dans chaque domaine, et des espaces de commentaires invitent \u00e0 donner des exemples concrets. <\/p>\n\n\n\n<p>Le formulaire n&rsquo;est pas un test et n&rsquo;est pas not\u00e9 : c&rsquo;est avant tout un outil de dialogue avec l&rsquo;\u00e9quipe pluridisciplinaire de la MDPH. Il n&rsquo;est pas obligatoire, mais il est fortement recommand\u00e9, car il offre la possibilit\u00e9 de rendre visibles les difficult\u00e9s souvent invisibles li\u00e9es \u00e0 l&rsquo;autisme. Bien rempli, en s&rsquo;appuyant sur la r\u00e9alit\u00e9 quotidienne \u2014 y compris les jours difficiles \u2014 il peut contribuer \u00e0 mieux \u00e9tayer une demande d&rsquo;AESH, de PCH aide humaine, ou d&rsquo;autres am\u00e9nagements. <\/p>\n\n\n\n<p>Vous pouvez le t\u00e9l\u00e9charger <a href=\"http:\/\/asso-detours91.fr\/wp-content\/uploads\/2026\/02\/Questionnaire-complmentaire-au-Dossier-MDPH.PCH-PCMT.pdf\" type=\"link\" id=\"http:\/\/asso-detours91.fr\/wp-content\/uploads\/2026\/02\/Questionnaire-complmentaire-au-Dossier-MDPH.PCH-PCMT.pdf\">ici<\/a>.<\/p>\n\n\n\n<p>L&rsquo;article suivant vous donne des pistes pour le remplir.<\/p>\n\n\n\n<figure class=\"wp-block-embed is-type-wp-embed is-provider-dysclick-fr wp-block-embed-dysclick-fr\"><div class=\"wp-block-embed__wrapper\">\n<blockquote class=\"wp-embedded-content\" data-secret=\"78dI5jATNx\"><a href=\"https:\/\/dysclick.fr\/questionnaire-complementaire-mdph-pour-dys\/\">Questionnaire compl\u00e9mentaire MDPH pour DYS<\/a><\/blockquote><iframe loading=\"lazy\" class=\"wp-embedded-content\" sandbox=\"allow-scripts\" security=\"restricted\" style=\"position: absolute; visibility: hidden;\" title=\"\u00ab\u00a0Questionnaire compl\u00e9mentaire MDPH pour DYS\u00a0\u00bb &#8212; Dysclick.fr\" src=\"https:\/\/dysclick.fr\/questionnaire-complementaire-mdph-pour-dys\/embed\/#?secret=ViVKIXmhrM#?secret=78dI5jATNx\" data-secret=\"78dI5jATNx\" width=\"600\" height=\"338\" frameborder=\"0\" marginwidth=\"0\" marginheight=\"0\" scrolling=\"no\"><\/iframe>\n<\/div><\/figure>\n\n\n\n<h1 class=\"wp-block-heading\">III &#8211; Guide du parent aidant (par la CAF)<\/h1>\n\n\n\n<p>A t\u00e9l\u00e9charger ici: <\/p>\n\n\n\n<figure class=\"wp-block-table\"><table class=\"has-fixed-layout\"><tbody><tr><td class=\"has-text-align-left\" data-align=\"left\"><a href=\"http:\/\/asso-detours91.fr\/?action=user_content_redirect&amp;uuid=43358b02a0ef8936b0d4b67e7645150533d5cba8b032c3818e58322bd47a875d&amp;blog_id=247970575&amp;post_id=362&amp;user_id=175136209&amp;subs_id=215387962&amp;signature=0430a38e084f87c32f3e9fc4af9e3de8&amp;email_name=new-post&amp;user_email=magali.schuessler@gmail.com&amp;encoded_url=aHR0cHM6Ly93d3cuY2FmLmZyL2FsbG9jYXRhaXJlcy9hY3R1YWxpdGVzL2FjdHVhbGl0ZXMtbmF0aW9uYWxlcy9wYXJlbnRzLWFpZGFudHMtdW4tZ3VpZGUtcG91ci12b3VzLWFjY29tcGFnbmVyLWF1LXF1b3RpZGllbg=&amp;email_id=f6719ac010eb79e440178d36478020e5\" target=\"_blank\" rel=\"noreferrer noopener\">un-guide-pour-vous-accompagner-au-quotidien<\/a><\/td><\/tr><\/tbody><\/table><\/figure>\n\n\n\n<p>Pour chaque cas:<\/p>\n\n\n\n<ul class=\"wp-block-list\">\n<li>L\u2019allocation journali\u00e8re de pr\u00e9sence parentale (AJPP)<\/li>\n\n\n\n<li>L\u2019allocation d\u2019\u00e9ducation de l\u2019enfant handicap\u00e9 (AEEH)<\/li>\n\n\n\n<li>La prestation de compensation du handicap (PCH)<\/li>\n\n\n\n<li>L\u2019allocation journali\u00e8re du proche aidant (AJPA)<\/li>\n\n\n\n<li>L\u2019aide et l\u2019accompagnement \u00e0 domicile (AAD)<\/li>\n<\/ul>\n\n\n\n<p>&#8211; C&rsquo;est quoi ?<br>&#8211; Pour qui ?<br>&#8211; Dur\u00e9e et montant<br>&#8211; D\u00e9marches<\/p>\n\n\n\n<h1 class=\"wp-block-heading\">IV &#8211; Ma Boussole Aidants\u00a0<\/h1>\n\n\n\n<p>\u00a0<a href=\"https:\/\/maboussoleaidants.fr\/\" target=\"_blank\" rel=\"noreferrer noopener\">https:\/\/maboussoleaidants.fr\/<\/a>\u00a0 &#8211; Ma Boussole Aidants vous aide \u00e0 comprendre les d\u00e9marches et les acteurs \u00e0 mobiliser pour vivre mieux votre r\u00f4le d&rsquo;aidant et accompagner votre proche dans les meilleures conditions. Par exemple:<\/p>\n\n\n\n<figure class=\"wp-block-image size-large\"><img loading=\"lazy\" decoding=\"async\" width=\"1024\" height=\"690\" src=\"https:\/\/asso-detours91.fr\/wp-content\/uploads\/2026\/04\/Capture-de\u0301cran-2026-04-22-a\u0300-09.03.51-1024x690.png\" alt=\"\" class=\"wp-image-378\" srcset=\"https:\/\/asso-detours91.fr\/wp-content\/uploads\/2026\/04\/Capture-de\u0301cran-2026-04-22-a\u0300-09.03.51-1024x690.png 1024w, https:\/\/asso-detours91.fr\/wp-content\/uploads\/2026\/04\/Capture-de\u0301cran-2026-04-22-a\u0300-09.03.51-300x202.png 300w, https:\/\/asso-detours91.fr\/wp-content\/uploads\/2026\/04\/Capture-de\u0301cran-2026-04-22-a\u0300-09.03.51-768x517.png 768w, https:\/\/asso-detours91.fr\/wp-content\/uploads\/2026\/04\/Capture-de\u0301cran-2026-04-22-a\u0300-09.03.51.png 1142w\" sizes=\"auto, (max-width: 1024px) 100vw, 1024px\" \/><\/figure>\n","protected":false},"excerpt":{"rendered":"<p>I. Informations g\u00e9n\u00e9rales Les troubles du neuro-d\u00e9veloppement touchent 5 % de la population, soit environ 35 000 naissances par an, selon la Haute Autorit\u00e9 de sant\u00e9. Les troubles du&nbsp;spectre de l\u2019autisme&nbsp;(TSA) repr\u00e9sentent, eux,&nbsp;entre 0,9 % et 1,2 % des naissances, soit environ 7 500 b\u00e9b\u00e9s chaque ann\u00e9e. La Haute Autorit\u00e9 de sant\u00e9 estime donc qu\u2019environ [&hellip;]<\/p>\n","protected":false},"author":3,"featured_media":0,"parent":0,"menu_order":0,"comment_status":"closed","ping_status":"closed","template":"","meta":{"jetpack_post_was_ever_published":false,"footnotes":""},"class_list":["post-166","page","type-page","status-publish","hentry"],"yoast_head":"<!-- This site is optimized with the Yoast SEO plugin v27.4 - https:\/\/yoast.com\/product\/yoast-seo-wordpress\/ -->\n<title>Ressources -<\/title>\n<meta name=\"robots\" content=\"index, follow, max-snippet:-1, max-image-preview:large, max-video-preview:-1\" \/>\n<link rel=\"canonical\" href=\"https:\/\/asso-detours91.fr\/index.php\/ressources\/\" \/>\n<meta property=\"og:locale\" content=\"fr_FR\" \/>\n<meta property=\"og:type\" content=\"article\" \/>\n<meta property=\"og:title\" content=\"Ressources -\" \/>\n<meta property=\"og:description\" content=\"I. Informations g\u00e9n\u00e9rales Les troubles du neuro-d\u00e9veloppement touchent 5 % de la population, soit environ 35 000 naissances par an, selon la Haute Autorit\u00e9 de sant\u00e9. Les troubles du&nbsp;spectre de l\u2019autisme&nbsp;(TSA) repr\u00e9sentent, eux,&nbsp;entre 0,9 % et 1,2 % des naissances, soit environ 7 500 b\u00e9b\u00e9s chaque ann\u00e9e. La Haute Autorit\u00e9 de sant\u00e9 estime donc qu\u2019environ [&hellip;]\" \/>\n<meta property=\"og:url\" content=\"https:\/\/asso-detours91.fr\/index.php\/ressources\/\" \/>\n<meta property=\"article:publisher\" content=\"https:\/\/www.facebook.com\/detours91\" \/>\n<meta property=\"article:modified_time\" content=\"2026-04-22T07:06:59+00:00\" \/>\n<meta property=\"og:image\" content=\"https:\/\/asso-detours91.fr\/wp-content\/uploads\/2026\/02\/feuille-mdph-officiel.png\" \/>\n\t<meta property=\"og:image:width\" content=\"1359\" \/>\n\t<meta property=\"og:image:height\" content=\"1369\" \/>\n\t<meta property=\"og:image:type\" content=\"image\/png\" \/>\n<meta name=\"twitter:card\" content=\"summary_large_image\" \/>\n<meta name=\"twitter:label1\" content=\"Dur\u00e9e de lecture estim\u00e9e\" \/>\n\t<meta name=\"twitter:data1\" content=\"4 minutes\" \/>\n<script type=\"application\/ld+json\" class=\"yoast-schema-graph\">{\"@context\":\"https:\\\/\\\/schema.org\",\"@graph\":[{\"@type\":\"WebPage\",\"@id\":\"https:\\\/\\\/asso-detours91.fr\\\/index.php\\\/ressources\\\/\",\"url\":\"https:\\\/\\\/asso-detours91.fr\\\/index.php\\\/ressources\\\/\",\"name\":\"Ressources -\",\"isPartOf\":{\"@id\":\"https:\\\/\\\/asso-detours91.fr\\\/#website\"},\"primaryImageOfPage\":{\"@id\":\"https:\\\/\\\/asso-detours91.fr\\\/index.php\\\/ressources\\\/#primaryimage\"},\"image\":{\"@id\":\"https:\\\/\\\/asso-detours91.fr\\\/index.php\\\/ressources\\\/#primaryimage\"},\"thumbnailUrl\":\"http:\\\/\\\/asso-detours91.fr\\\/wp-content\\\/uploads\\\/2026\\\/02\\\/feuille-mdph-officiel-1017x1024.png\",\"datePublished\":\"2025-08-16T15:11:38+00:00\",\"dateModified\":\"2026-04-22T07:06:59+00:00\",\"breadcrumb\":{\"@id\":\"https:\\\/\\\/asso-detours91.fr\\\/index.php\\\/ressources\\\/#breadcrumb\"},\"inLanguage\":\"fr-FR\",\"potentialAction\":[{\"@type\":\"ReadAction\",\"target\":[\"https:\\\/\\\/asso-detours91.fr\\\/index.php\\\/ressources\\\/\"]}]},{\"@type\":\"ImageObject\",\"inLanguage\":\"fr-FR\",\"@id\":\"https:\\\/\\\/asso-detours91.fr\\\/index.php\\\/ressources\\\/#primaryimage\",\"url\":\"https:\\\/\\\/asso-detours91.fr\\\/wp-content\\\/uploads\\\/2026\\\/02\\\/feuille-mdph-officiel.png\",\"contentUrl\":\"https:\\\/\\\/asso-detours91.fr\\\/wp-content\\\/uploads\\\/2026\\\/02\\\/feuille-mdph-officiel.png\",\"width\":1359,\"height\":1369},{\"@type\":\"BreadcrumbList\",\"@id\":\"https:\\\/\\\/asso-detours91.fr\\\/index.php\\\/ressources\\\/#breadcrumb\",\"itemListElement\":[{\"@type\":\"ListItem\",\"position\":1,\"name\":\"Accueil\",\"item\":\"https:\\\/\\\/asso-detours91.fr\\\/\"},{\"@type\":\"ListItem\",\"position\":2,\"name\":\"Ressources\"}]},{\"@type\":\"WebSite\",\"@id\":\"https:\\\/\\\/asso-detours91.fr\\\/#website\",\"url\":\"https:\\\/\\\/asso-detours91.fr\\\/\",\"name\":\"Association D\u00e9tours\",\"description\":\"Faire des d\u00e9tours, changer de regard ...\",\"publisher\":{\"@id\":\"https:\\\/\\\/asso-detours91.fr\\\/#organization\"},\"inLanguage\":\"fr-FR\"},{\"@type\":\"Organization\",\"@id\":\"https:\\\/\\\/asso-detours91.fr\\\/#organization\",\"name\":\"Association D\u00e9tours\",\"url\":\"https:\\\/\\\/asso-detours91.fr\\\/\",\"logo\":{\"@type\":\"ImageObject\",\"inLanguage\":\"fr-FR\",\"@id\":\"https:\\\/\\\/asso-detours91.fr\\\/#\\\/schema\\\/logo\\\/image\\\/\",\"url\":\"https:\\\/\\\/asso-detours91.fr\\\/wp-content\\\/uploads\\\/2025\\\/10\\\/cropped-kids-5741934_960_720.png\",\"contentUrl\":\"https:\\\/\\\/asso-detours91.fr\\\/wp-content\\\/uploads\\\/2025\\\/10\\\/cropped-kids-5741934_960_720.png\",\"width\":956,\"height\":580,\"caption\":\"Association D\u00e9tours\"},\"image\":{\"@id\":\"https:\\\/\\\/asso-detours91.fr\\\/#\\\/schema\\\/logo\\\/image\\\/\"},\"sameAs\":[\"https:\\\/\\\/www.facebook.com\\\/detours91\"]}]}<\/script>\n<!-- \/ Yoast SEO plugin. -->","yoast_head_json":{"title":"Ressources -","robots":{"index":"index","follow":"follow","max-snippet":"max-snippet:-1","max-image-preview":"max-image-preview:large","max-video-preview":"max-video-preview:-1"},"canonical":"https:\/\/asso-detours91.fr\/index.php\/ressources\/","og_locale":"fr_FR","og_type":"article","og_title":"Ressources -","og_description":"I. Informations g\u00e9n\u00e9rales Les troubles du neuro-d\u00e9veloppement touchent 5 % de la population, soit environ 35 000 naissances par an, selon la Haute Autorit\u00e9 de sant\u00e9. Les troubles du&nbsp;spectre de l\u2019autisme&nbsp;(TSA) repr\u00e9sentent, eux,&nbsp;entre 0,9 % et 1,2 % des naissances, soit environ 7 500 b\u00e9b\u00e9s chaque ann\u00e9e. La Haute Autorit\u00e9 de sant\u00e9 estime donc qu\u2019environ [&hellip;]","og_url":"https:\/\/asso-detours91.fr\/index.php\/ressources\/","article_publisher":"https:\/\/www.facebook.com\/detours91","article_modified_time":"2026-04-22T07:06:59+00:00","og_image":[{"width":1359,"height":1369,"url":"https:\/\/asso-detours91.fr\/wp-content\/uploads\/2026\/02\/feuille-mdph-officiel.png","type":"image\/png"}],"twitter_card":"summary_large_image","twitter_misc":{"Dur\u00e9e de lecture estim\u00e9e":"4 minutes"},"schema":{"@context":"https:\/\/schema.org","@graph":[{"@type":"WebPage","@id":"https:\/\/asso-detours91.fr\/index.php\/ressources\/","url":"https:\/\/asso-detours91.fr\/index.php\/ressources\/","name":"Ressources -","isPartOf":{"@id":"https:\/\/asso-detours91.fr\/#website"},"primaryImageOfPage":{"@id":"https:\/\/asso-detours91.fr\/index.php\/ressources\/#primaryimage"},"image":{"@id":"https:\/\/asso-detours91.fr\/index.php\/ressources\/#primaryimage"},"thumbnailUrl":"http:\/\/asso-detours91.fr\/wp-content\/uploads\/2026\/02\/feuille-mdph-officiel-1017x1024.png","datePublished":"2025-08-16T15:11:38+00:00","dateModified":"2026-04-22T07:06:59+00:00","breadcrumb":{"@id":"https:\/\/asso-detours91.fr\/index.php\/ressources\/#breadcrumb"},"inLanguage":"fr-FR","potentialAction":[{"@type":"ReadAction","target":["https:\/\/asso-detours91.fr\/index.php\/ressources\/"]}]},{"@type":"ImageObject","inLanguage":"fr-FR","@id":"https:\/\/asso-detours91.fr\/index.php\/ressources\/#primaryimage","url":"https:\/\/asso-detours91.fr\/wp-content\/uploads\/2026\/02\/feuille-mdph-officiel.png","contentUrl":"https:\/\/asso-detours91.fr\/wp-content\/uploads\/2026\/02\/feuille-mdph-officiel.png","width":1359,"height":1369},{"@type":"BreadcrumbList","@id":"https:\/\/asso-detours91.fr\/index.php\/ressources\/#breadcrumb","itemListElement":[{"@type":"ListItem","position":1,"name":"Accueil","item":"https:\/\/asso-detours91.fr\/"},{"@type":"ListItem","position":2,"name":"Ressources"}]},{"@type":"WebSite","@id":"https:\/\/asso-detours91.fr\/#website","url":"https:\/\/asso-detours91.fr\/","name":"Association D\u00e9tours","description":"Faire des d\u00e9tours, changer de regard ...","publisher":{"@id":"https:\/\/asso-detours91.fr\/#organization"},"inLanguage":"fr-FR"},{"@type":"Organization","@id":"https:\/\/asso-detours91.fr\/#organization","name":"Association D\u00e9tours","url":"https:\/\/asso-detours91.fr\/","logo":{"@type":"ImageObject","inLanguage":"fr-FR","@id":"https:\/\/asso-detours91.fr\/#\/schema\/logo\/image\/","url":"https:\/\/asso-detours91.fr\/wp-content\/uploads\/2025\/10\/cropped-kids-5741934_960_720.png","contentUrl":"https:\/\/asso-detours91.fr\/wp-content\/uploads\/2025\/10\/cropped-kids-5741934_960_720.png","width":956,"height":580,"caption":"Association D\u00e9tours"},"image":{"@id":"https:\/\/asso-detours91.fr\/#\/schema\/logo\/image\/"},"sameAs":["https:\/\/www.facebook.com\/detours91"]}]}},"jetpack_sharing_enabled":true,"_links":{"self":[{"href":"https:\/\/asso-detours91.fr\/index.php\/wp-json\/wp\/v2\/pages\/166","targetHints":{"allow":["GET"]}}],"collection":[{"href":"https:\/\/asso-detours91.fr\/index.php\/wp-json\/wp\/v2\/pages"}],"about":[{"href":"https:\/\/asso-detours91.fr\/index.php\/wp-json\/wp\/v2\/types\/page"}],"author":[{"embeddable":true,"href":"https:\/\/asso-detours91.fr\/index.php\/wp-json\/wp\/v2\/users\/3"}],"replies":[{"embeddable":true,"href":"https:\/\/asso-detours91.fr\/index.php\/wp-json\/wp\/v2\/comments?post=166"}],"version-history":[{"count":6,"href":"https:\/\/asso-detours91.fr\/index.php\/wp-json\/wp\/v2\/pages\/166\/revisions"}],"predecessor-version":[{"id":379,"href":"https:\/\/asso-detours91.fr\/index.php\/wp-json\/wp\/v2\/pages\/166\/revisions\/379"}],"wp:attachment":[{"href":"https:\/\/asso-detours91.fr\/index.php\/wp-json\/wp\/v2\/media?parent=166"}],"curies":[{"name":"wp","href":"https:\/\/api.w.org\/{rel}","templated":true}]}}